{"id":1974,"date":"2025-09-17T17:42:23","date_gmt":"2025-09-17T15:42:23","guid":{"rendered":"https:\/\/garage-eg-carrosserie.be\/?page_id=1974"},"modified":"2025-09-22T11:44:05","modified_gmt":"2025-09-22T09:44:05","slug":"eclairage","status":"publish","type":"page","link":"https:\/\/garage-eg-carrosserie.be\/eclairage\/","title":{"rendered":"\u00c9clairage"},"content":{"rendered":"\t\t<div data-elementor-type=\"wp-page\" data-elementor-id=\"1974\" class=\"elementor elementor-1974\" data-elementor-post-type=\"page\">\n\t\t\t\t\t\t<section class=\"elementor-section elementor-top-section elementor-element elementor-element-543d53ec elementor-section-full_width elementor-section-height-min-height elementor-section-stretched elementor-section-height-default elementor-section-items-middle\" data-id=\"543d53ec\" data-element_type=\"section\" data-e-type=\"section\" data-settings=\"{&quot;background_background&quot;:&quot;classic&quot;,&quot;stretch_section&quot;:&quot;section-stretched&quot;}\">\n\t\t\t\t\t\t\t<div class=\"elementor-background-overlay\"><\/div>\n\t\t\t\t\t\t\t<div class=\"elementor-container elementor-column-gap-default\">\n\t\t\t\t\t<div class=\"elementor-column elementor-col-50 elementor-top-column elementor-element elementor-element-41a679c5\" data-id=\"41a679c5\" data-element_type=\"column\" data-e-type=\"column\" data-settings=\"{&quot;background_background&quot;:&quot;classic&quot;}\">\n\t\t\t<div class=\"elementor-widget-wrap elementor-element-populated\">\n\t\t\t\t\t\t<div class=\"elementor-element elementor-element-58bd84ce elementor-widget elementor-widget-spacer\" data-id=\"58bd84ce\" data-element_type=\"widget\" data-e-type=\"widget\" data-widget_type=\"spacer.default\">\n\t\t\t\t<div class=\"elementor-widget-container\">\n\t\t\t\t\t\t\t<div class=\"elementor-spacer\">\n\t\t\t<div class=\"elementor-spacer-inner\"><\/div>\n\t\t<\/div>\n\t\t\t\t\t\t<\/div>\n\t\t\t\t<\/div>\n\t\t\t\t\t<\/div>\n\t\t<\/div>\n\t\t\t\t<div class=\"elementor-column elementor-col-50 elementor-top-column elementor-element elementor-element-662a0332\" data-id=\"662a0332\" data-element_type=\"column\" data-e-type=\"column\" data-settings=\"{&quot;background_background&quot;:&quot;classic&quot;}\">\n\t\t\t<div class=\"elementor-widget-wrap\">\n\t\t\t\t\t\t\t<\/div>\n\t\t<\/div>\n\t\t\t\t\t<\/div>\n\t\t<\/section>\n\t\t\t\t<section class=\"elementor-section elementor-top-section elementor-element elementor-element-31a7e974 elementor-section-stretched elementor-section-boxed elementor-section-height-default elementor-section-height-default\" data-id=\"31a7e974\" data-element_type=\"section\" data-e-type=\"section\" data-settings=\"{&quot;stretch_section&quot;:&quot;section-stretched&quot;,&quot;background_background&quot;:&quot;classic&quot;}\">\n\t\t\t\t\t\t<div class=\"elementor-container elementor-column-gap-default\">\n\t\t\t\t\t<div class=\"elementor-column elementor-col-100 elementor-top-column elementor-element elementor-element-abbff2d\" data-id=\"abbff2d\" data-element_type=\"column\" data-e-type=\"column\">\n\t\t\t<div class=\"elementor-widget-wrap elementor-element-populated\">\n\t\t\t\t\t\t<div class=\"elementor-element elementor-element-32d6a831 elementor-widget__width-initial elementor-widget elementor-widget-heading\" data-id=\"32d6a831\" data-element_type=\"widget\" data-e-type=\"widget\" data-widget_type=\"heading.default\">\n\t\t\t\t<div class=\"elementor-widget-container\">\n\t\t\t\t\t<h1 class=\"elementor-heading-title elementor-size-default\">Remplacement et r\u00e9novation des syst\u00e8mes d'\u00e9clairage de voiture \u00e0 Floreffe<\/h1>\t\t\t\t<\/div>\n\t\t\t\t<\/div>\n\t\t\t\t<div class=\"elementor-element elementor-element-2f694742 elementor-widget__width-initial elementor-invisible elementor-widget elementor-widget-text-editor\" data-id=\"2f694742\" data-element_type=\"widget\" data-e-type=\"widget\" data-settings=\"{&quot;_animation&quot;:&quot;fadeIn&quot;}\" data-widget_type=\"text-editor.default\">\n\t\t\t\t<div class=\"elementor-widget-container\">\n\t\t\t\t\t\t\t\t\t<p><span>En fonction de l\u2019usure et de l\u2019\u00e9tat de vos phares, votre\u00a0<\/span><b><a href=\"https:\/\/garage-eg-carrosserie.be\/\" target=\"_blank\" rel=\"noopener\">garage automobile \u00e0 Floreffe<\/a><\/b><span>\u00a0est en mesure d\u2019assurer le remplacement et la r\u00e9novation des syst\u00e8mes d\u2019\u00e9clairage de voiture pour leur rendre leur translucidit\u00e9 initiale.<\/span><\/p>\t\t\t\t\t\t\t\t<\/div>\n\t\t\t\t<\/div>\n\t\t\t\t\t<\/div>\n\t\t<\/div>\n\t\t\t\t\t<\/div>\n\t\t<\/section>\n\t\t\t\t<section class=\"elementor-section elementor-top-section elementor-element elementor-element-509a4d5e elementor-section-content-middle elementor-section-stretched elementor-section-boxed elementor-section-height-default elementor-section-height-default\" data-id=\"509a4d5e\" data-element_type=\"section\" data-e-type=\"section\" data-settings=\"{&quot;stretch_section&quot;:&quot;section-stretched&quot;,&quot;background_background&quot;:&quot;classic&quot;,&quot;shape_divider_top&quot;:&quot;opacity-tilt&quot;}\">\n\t\t\t\t\t<div class=\"elementor-shape elementor-shape-top\" aria-hidden=\"true\" data-negative=\"false\">\n\t\t\t<svg xmlns=\"http:\/\/www.w3.org\/2000\/svg\" viewBox=\"0 0 2600 131.1\" preserveAspectRatio=\"none\">\n\t<path class=\"elementor-shape-fill\" d=\"M0 0L2600 0 2600 69.1 0 0z\"\/>\n\t<path class=\"elementor-shape-fill\" style=\"opacity:0.5\" d=\"M0 0L2600 0 2600 69.1 0 69.1z\"\/>\n\t<path class=\"elementor-shape-fill\" style=\"opacity:0.25\" d=\"M2600 0L0 0 0 130.1 2600 69.1z\"\/>\n<\/svg>\t\t<\/div>\n\t\t\t\t\t<div class=\"elementor-container elementor-column-gap-default\">\n\t\t\t\t\t<div class=\"elementor-column elementor-col-50 elementor-top-column elementor-element elementor-element-4da98944\" data-id=\"4da98944\" data-element_type=\"column\" data-e-type=\"column\">\n\t\t\t<div class=\"elementor-widget-wrap elementor-element-populated\">\n\t\t\t\t\t\t<div class=\"elementor-element elementor-element-4db8e86b elementor-invisible elementor-widget elementor-widget-image\" data-id=\"4db8e86b\" data-element_type=\"widget\" data-e-type=\"widget\" data-settings=\"{&quot;_animation&quot;:&quot;fadeInLeft&quot;}\" data-widget_type=\"image.default\">\n\t\t\t\t<div class=\"elementor-widget-container\">\n\t\t\t\t\t\t\t\t\t\t\t\t\t\t\t<img fetchpriority=\"high\" decoding=\"async\" width=\"5760\" height=\"3840\" src=\"https:\/\/garage-eg-carrosserie.be\/wp-content\/uploads\/2025\/09\/sanding-polishing-headlights-on-a-car-on-a-hundred-2025-04-22-16-20-22-utc-min.jpg\" class=\"attachment-full size-full wp-image-2231\" alt=\"\" srcset=\"https:\/\/garage-eg-carrosserie.be\/wp-content\/uploads\/2025\/09\/sanding-polishing-headlights-on-a-car-on-a-hundred-2025-04-22-16-20-22-utc-min.jpg 5760w, https:\/\/garage-eg-carrosserie.be\/wp-content\/uploads\/2025\/09\/sanding-polishing-headlights-on-a-car-on-a-hundred-2025-04-22-16-20-22-utc-min-300x200.jpg 300w, https:\/\/garage-eg-carrosserie.be\/wp-content\/uploads\/2025\/09\/sanding-polishing-headlights-on-a-car-on-a-hundred-2025-04-22-16-20-22-utc-min-1024x683.jpg 1024w, https:\/\/garage-eg-carrosserie.be\/wp-content\/uploads\/2025\/09\/sanding-polishing-headlights-on-a-car-on-a-hundred-2025-04-22-16-20-22-utc-min-768x512.jpg 768w, https:\/\/garage-eg-carrosserie.be\/wp-content\/uploads\/2025\/09\/sanding-polishing-headlights-on-a-car-on-a-hundred-2025-04-22-16-20-22-utc-min-1536x1024.jpg 1536w, https:\/\/garage-eg-carrosserie.be\/wp-content\/uploads\/2025\/09\/sanding-polishing-headlights-on-a-car-on-a-hundred-2025-04-22-16-20-22-utc-min-2048x1365.jpg 2048w, https:\/\/garage-eg-carrosserie.be\/wp-content\/uploads\/2025\/09\/sanding-polishing-headlights-on-a-car-on-a-hundred-2025-04-22-16-20-22-utc-min-360x240.jpg 360w, https:\/\/garage-eg-carrosserie.be\/wp-content\/uploads\/2025\/09\/sanding-polishing-headlights-on-a-car-on-a-hundred-2025-04-22-16-20-22-utc-min-1320x880.jpg 1320w\" sizes=\"(max-width: 5760px) 100vw, 5760px\" \/>\t\t\t\t\t\t\t\t\t\t\t\t\t\t\t<\/div>\n\t\t\t\t<\/div>\n\t\t\t\t\t<\/div>\n\t\t<\/div>\n\t\t\t\t<div class=\"elementor-column elementor-col-50 elementor-top-column elementor-element elementor-element-157fb3f1\" data-id=\"157fb3f1\" data-element_type=\"column\" data-e-type=\"column\">\n\t\t\t<div class=\"elementor-widget-wrap elementor-element-populated\">\n\t\t\t\t\t\t<div class=\"elementor-element elementor-element-177b5aa elementor-widget elementor-widget-heading\" data-id=\"177b5aa\" data-element_type=\"widget\" data-e-type=\"widget\" id=\"t2\" data-widget_type=\"heading.default\">\n\t\t\t\t<div class=\"elementor-widget-container\">\n\t\t\t\t\t<h2 class=\"elementor-heading-title elementor-size-default\">R\u00e9paration et r\u00e9novation de phare<\/h2>\t\t\t\t<\/div>\n\t\t\t\t<\/div>\n\t\t\t\t<div class=\"elementor-element elementor-element-56b99464 elementor-widget elementor-widget-text-editor\" data-id=\"56b99464\" data-element_type=\"widget\" data-e-type=\"widget\" data-widget_type=\"text-editor.default\">\n\t\t\t\t<div class=\"elementor-widget-container\">\n\t\t\t\t\t\t\t\t\t<p>Sp\u00e9cialis\u00e9 en voitures de toutes marques, le garage automobile EG Carrosserie assure non seulement la remise en \u00e9tat de la carrosserie d\u2019une voiture, mais aussi l\u2019entretien des \u00e9clairages afin de b\u00e9n\u00e9ficier d\u2019une s\u00e9curit\u00e9 routi\u00e8re maximale.<\/p><p>Ma\u00eetrisant toutes les techniques n\u00e9cessaires, votre garage automobile peut prendre en charge le r\u00e9glage des phares et la r\u00e9novation des optiques, tout en assurant une finition parfaite des travaux.<\/p>\t\t\t\t\t\t\t\t<\/div>\n\t\t\t\t<\/div>\n\t\t\t\t\t<\/div>\n\t\t<\/div>\n\t\t\t\t\t<\/div>\n\t\t<\/section>\n\t\t\t\t<section class=\"elementor-section elementor-top-section elementor-element elementor-element-68de74e elementor-section-content-middle elementor-section-stretched elementor-reverse-mobile elementor-section-boxed elementor-section-height-default elementor-section-height-default\" data-id=\"68de74e\" data-element_type=\"section\" data-e-type=\"section\" data-settings=\"{&quot;stretch_section&quot;:&quot;section-stretched&quot;,&quot;background_background&quot;:&quot;classic&quot;}\">\n\t\t\t\t\t\t<div class=\"elementor-container elementor-column-gap-default\">\n\t\t\t\t\t<div class=\"elementor-column elementor-col-50 elementor-top-column elementor-element elementor-element-71169f4f\" data-id=\"71169f4f\" data-element_type=\"column\" data-e-type=\"column\">\n\t\t\t<div class=\"elementor-widget-wrap elementor-element-populated\">\n\t\t\t\t\t\t<div class=\"elementor-element elementor-element-6e1a4981 elementor-widget elementor-widget-heading\" data-id=\"6e1a4981\" data-element_type=\"widget\" data-e-type=\"widget\" data-widget_type=\"heading.default\">\n\t\t\t\t<div class=\"elementor-widget-container\">\n\t\t\t\t\t<h2 class=\"elementor-heading-title elementor-size-default\">Le r\u00e9glage des phares<\/h2>\t\t\t\t<\/div>\n\t\t\t\t<\/div>\n\t\t\t\t<div class=\"elementor-element elementor-element-3e92870c elementor-widget elementor-widget-text-editor\" data-id=\"3e92870c\" data-element_type=\"widget\" data-e-type=\"widget\" data-widget_type=\"text-editor.default\">\n\t\t\t\t<div class=\"elementor-widget-container\">\n\t\t\t\t\t\t\t\t\t<p>Que vous soyez \u00e0 proximit\u00e9 de Sambreville, Jemeppe-sur-Sambre ou Ch\u00e2telet, le garage automobile EG Carrosserie est en mesure de r\u00e9aliser le r\u00e9glage des phares, une intervention n\u00e9cessaire pour contribuer \u00e0 la s\u00e9curit\u00e9 routi\u00e8re et pour r\u00e9duire les accidents nocturnes.<\/p><p>Pour ce faire, le garage EG Carrosserie assure la correction de la hauteur du faisceau pour une parfaite visibilit\u00e9 et la v\u00e9rification des diff\u00e9rents \u00e9clairages : phares et clignotants. Si besoin, les ampoules seront chang\u00e9es.<\/p>\t\t\t\t\t\t\t\t<\/div>\n\t\t\t\t<\/div>\n\t\t\t\t\t<\/div>\n\t\t<\/div>\n\t\t\t\t<div class=\"elementor-column elementor-col-50 elementor-top-column elementor-element elementor-element-378f6b28\" data-id=\"378f6b28\" data-element_type=\"column\" data-e-type=\"column\">\n\t\t\t<div class=\"elementor-widget-wrap elementor-element-populated\">\n\t\t\t\t\t\t<div class=\"elementor-element elementor-element-db55493 elementor-invisible elementor-widget elementor-widget-image\" data-id=\"db55493\" data-element_type=\"widget\" data-e-type=\"widget\" data-settings=\"{&quot;_animation&quot;:&quot;fadeInRight&quot;}\" data-widget_type=\"image.default\">\n\t\t\t\t<div class=\"elementor-widget-container\">\n\t\t\t\t\t\t\t\t\t\t\t\t\t\t\t<img decoding=\"async\" width=\"5234\" height=\"3491\" src=\"https:\/\/garage-eg-carrosserie.be\/wp-content\/uploads\/2025\/09\/while-repairing-car-repairman-installs-a-headligh-2025-03-27-03-35-33-utc-min.jpg\" class=\"attachment-full size-full wp-image-2236\" alt=\"\" srcset=\"https:\/\/garage-eg-carrosserie.be\/wp-content\/uploads\/2025\/09\/while-repairing-car-repairman-installs-a-headligh-2025-03-27-03-35-33-utc-min.jpg 5234w, https:\/\/garage-eg-carrosserie.be\/wp-content\/uploads\/2025\/09\/while-repairing-car-repairman-installs-a-headligh-2025-03-27-03-35-33-utc-min-300x200.jpg 300w, https:\/\/garage-eg-carrosserie.be\/wp-content\/uploads\/2025\/09\/while-repairing-car-repairman-installs-a-headligh-2025-03-27-03-35-33-utc-min-1024x683.jpg 1024w, https:\/\/garage-eg-carrosserie.be\/wp-content\/uploads\/2025\/09\/while-repairing-car-repairman-installs-a-headligh-2025-03-27-03-35-33-utc-min-768x512.jpg 768w, https:\/\/garage-eg-carrosserie.be\/wp-content\/uploads\/2025\/09\/while-repairing-car-repairman-installs-a-headligh-2025-03-27-03-35-33-utc-min-1536x1024.jpg 1536w, https:\/\/garage-eg-carrosserie.be\/wp-content\/uploads\/2025\/09\/while-repairing-car-repairman-installs-a-headligh-2025-03-27-03-35-33-utc-min-2048x1366.jpg 2048w, https:\/\/garage-eg-carrosserie.be\/wp-content\/uploads\/2025\/09\/while-repairing-car-repairman-installs-a-headligh-2025-03-27-03-35-33-utc-min-360x240.jpg 360w, https:\/\/garage-eg-carrosserie.be\/wp-content\/uploads\/2025\/09\/while-repairing-car-repairman-installs-a-headligh-2025-03-27-03-35-33-utc-min-1320x880.jpg 1320w\" sizes=\"(max-width: 5234px) 100vw, 5234px\" \/>\t\t\t\t\t\t\t\t\t\t\t\t\t\t\t<\/div>\n\t\t\t\t<\/div>\n\t\t\t\t\t<\/div>\n\t\t<\/div>\n\t\t\t\t\t<\/div>\n\t\t<\/section>\n\t\t\t\t<section class=\"elementor-section elementor-top-section elementor-element elementor-element-7e79ee6f elementor-section-content-middle elementor-section-stretched elementor-section-boxed elementor-section-height-default elementor-section-height-default\" data-id=\"7e79ee6f\" data-element_type=\"section\" data-e-type=\"section\" data-settings=\"{&quot;stretch_section&quot;:&quot;section-stretched&quot;,&quot;background_background&quot;:&quot;classic&quot;}\">\n\t\t\t\t\t\t<div class=\"elementor-container elementor-column-gap-default\">\n\t\t\t\t\t<div class=\"elementor-column elementor-col-50 elementor-top-column elementor-element elementor-element-6558e360\" data-id=\"6558e360\" data-element_type=\"column\" data-e-type=\"column\">\n\t\t\t<div class=\"elementor-widget-wrap elementor-element-populated\">\n\t\t\t\t\t\t<div class=\"elementor-element elementor-element-6c96e7f6 elementor-invisible elementor-widget elementor-widget-image\" data-id=\"6c96e7f6\" data-element_type=\"widget\" data-e-type=\"widget\" data-settings=\"{&quot;_animation&quot;:&quot;fadeInLeft&quot;}\" data-widget_type=\"image.default\">\n\t\t\t\t<div class=\"elementor-widget-container\">\n\t\t\t\t\t\t\t\t\t\t\t\t\t\t\t<img decoding=\"async\" width=\"2667\" height=\"4000\" src=\"https:\/\/garage-eg-carrosserie.be\/wp-content\/uploads\/2025\/09\/sticker-of-a-protective-film-on-the-headlight-of-a-2024-12-07-12-09-51-utc-min.jpg\" class=\"attachment-full size-full wp-image-2240\" alt=\"\" srcset=\"https:\/\/garage-eg-carrosserie.be\/wp-content\/uploads\/2025\/09\/sticker-of-a-protective-film-on-the-headlight-of-a-2024-12-07-12-09-51-utc-min.jpg 2667w, https:\/\/garage-eg-carrosserie.be\/wp-content\/uploads\/2025\/09\/sticker-of-a-protective-film-on-the-headlight-of-a-2024-12-07-12-09-51-utc-min-200x300.jpg 200w, https:\/\/garage-eg-carrosserie.be\/wp-content\/uploads\/2025\/09\/sticker-of-a-protective-film-on-the-headlight-of-a-2024-12-07-12-09-51-utc-min-683x1024.jpg 683w, https:\/\/garage-eg-carrosserie.be\/wp-content\/uploads\/2025\/09\/sticker-of-a-protective-film-on-the-headlight-of-a-2024-12-07-12-09-51-utc-min-768x1152.jpg 768w, https:\/\/garage-eg-carrosserie.be\/wp-content\/uploads\/2025\/09\/sticker-of-a-protective-film-on-the-headlight-of-a-2024-12-07-12-09-51-utc-min-1024x1536.jpg 1024w, https:\/\/garage-eg-carrosserie.be\/wp-content\/uploads\/2025\/09\/sticker-of-a-protective-film-on-the-headlight-of-a-2024-12-07-12-09-51-utc-min-1366x2048.jpg 1366w, https:\/\/garage-eg-carrosserie.be\/wp-content\/uploads\/2025\/09\/sticker-of-a-protective-film-on-the-headlight-of-a-2024-12-07-12-09-51-utc-min-1320x1980.jpg 1320w\" sizes=\"(max-width: 2667px) 100vw, 2667px\" \/>\t\t\t\t\t\t\t\t\t\t\t\t\t\t\t<\/div>\n\t\t\t\t<\/div>\n\t\t\t\t\t<\/div>\n\t\t<\/div>\n\t\t\t\t<div class=\"elementor-column elementor-col-50 elementor-top-column elementor-element elementor-element-e2aef02\" data-id=\"e2aef02\" data-element_type=\"column\" data-e-type=\"column\">\n\t\t\t<div class=\"elementor-widget-wrap elementor-element-populated\">\n\t\t\t\t\t\t<div class=\"elementor-element elementor-element-1b3de52a elementor-widget elementor-widget-heading\" data-id=\"1b3de52a\" data-element_type=\"widget\" data-e-type=\"widget\" data-widget_type=\"heading.default\">\n\t\t\t\t<div class=\"elementor-widget-container\">\n\t\t\t\t\t<h2 class=\"elementor-heading-title elementor-size-default\">La r\u00e9novation des optiques<\/h2>\t\t\t\t<\/div>\n\t\t\t\t<\/div>\n\t\t\t\t<div class=\"elementor-element elementor-element-45136ca elementor-widget elementor-widget-text-editor\" data-id=\"45136ca\" data-element_type=\"widget\" data-e-type=\"widget\" data-widget_type=\"text-editor.default\">\n\t\t\t\t<div class=\"elementor-widget-container\">\n\t\t\t\t\t\t\t\t\t<p>Pour assurer la r\u00e9novation des optiques aupr\u00e8s des particuliers et des professionnels pr\u00e8s de Sambreville, Jemeppe-sur-Sambre ou Ch\u00e2telet, le garage automobile EG Carrosserie prend en charge essentiellement les phares ternis ou jaunis suite aux intemp\u00e9ries.<\/p><p>En effet, l\u2019esth\u00e9tique du v\u00e9hicule en p\u00e2tit, le rendu d\u2019\u00e9clairage n\u2019est plus optimal et est ainsi susceptible de nuire \u00e0 la s\u00e9curit\u00e9 routi\u00e8re. Pour y rem\u00e9dier, EG Carrosserie propose un polissage de phare indispensable pour avoir de la clart\u00e9 dans les phares de votre v\u00e9hicule.<\/p><p>Cette technique se r\u00e9alise en plusieurs \u00e9tapes qui sont toutes indispensables pour une bonne finition. Ainsi, les travaux qui seront effectu\u00e9s sont les suivants :<\/p><ul><li>Pr\u00e9paration et protection des environs des phares,<\/li><li>3 phases de pon\u00e7age \u00e0 sec avec plusieurs grains selon la d\u00e9t\u00e9rioration,<\/li><li>2 phases de pon\u00e7age \u00e0 l\u2019eau,<\/li><li>2 phases de lustrage,<\/li><li>Nettoyage des optiques,<\/li><li>Contr\u00f4le d\u2019efficacit\u00e9 de l\u2019\u00e9clairage.<\/li><\/ul>\t\t\t\t\t\t\t\t<\/div>\n\t\t\t\t<\/div>\n\t\t\t\t\t<\/div>\n\t\t<\/div>\n\t\t\t\t\t<\/div>\n\t\t<\/section>\n\t\t\t\t<section class=\"elementor-section elementor-top-section elementor-element elementor-element-4bc49f8e elementor-section-stretched elementor-section-height-min-height elementor-section-boxed elementor-section-height-default elementor-section-items-middle\" data-id=\"4bc49f8e\" data-element_type=\"section\" data-e-type=\"section\" data-settings=\"{&quot;stretch_section&quot;:&quot;section-stretched&quot;,&quot;background_background&quot;:&quot;classic&quot;,&quot;shape_divider_top&quot;:&quot;opacity-tilt&quot;}\">\n\t\t\t\t\t<div class=\"elementor-shape elementor-shape-top\" aria-hidden=\"true\" data-negative=\"false\">\n\t\t\t<svg xmlns=\"http:\/\/www.w3.org\/2000\/svg\" viewBox=\"0 0 2600 131.1\" preserveAspectRatio=\"none\">\n\t<path class=\"elementor-shape-fill\" d=\"M0 0L2600 0 2600 69.1 0 0z\"\/>\n\t<path class=\"elementor-shape-fill\" style=\"opacity:0.5\" d=\"M0 0L2600 0 2600 69.1 0 69.1z\"\/>\n\t<path class=\"elementor-shape-fill\" style=\"opacity:0.25\" d=\"M2600 0L0 0 0 130.1 2600 69.1z\"\/>\n<\/svg>\t\t<\/div>\n\t\t\t\t\t<div class=\"elementor-container elementor-column-gap-default\">\n\t\t\t\t\t<div class=\"elementor-column elementor-col-100 elementor-top-column elementor-element elementor-element-7964757b\" data-id=\"7964757b\" data-element_type=\"column\" data-e-type=\"column\">\n\t\t\t<div class=\"elementor-widget-wrap elementor-element-populated\">\n\t\t\t\t\t\t<div class=\"elementor-element elementor-element-60af194c elementor-widget elementor-widget-text-editor\" data-id=\"60af194c\" data-element_type=\"widget\" data-e-type=\"widget\" data-widget_type=\"text-editor.default\">\n\t\t\t\t<div class=\"elementor-widget-container\">\n\t\t\t\t\t\t\t\t\t<p><span>Pour plus de renseignements sur les travaux de r\u00e9novation des syst\u00e8mes d\u2019\u00e9clairage de voiture, n\u2019h\u00e9sitez pas \u00e0\u00a0<\/span><strong><a href=\"https:\/\/garage-eg-carrosserie.be\/contact\/#ctn\">contacter<\/a><\/strong><span>\u00a0le garage automobile EG Carrosserie au<strong>\u00a0<\/strong><\/span><strong><a href=\"tel:0477\/740796\">0<\/a><a data-dtype=\"d3ifr\" data-local-attribute=\"d3ph\" jscontroller=\"cSkPLb\" href=\"https:\/\/www.google.com\/search?q=eg+carrosserie&amp;oq=eg+carrosserie&amp;aqs=chrome.0.69i59j0j0i22i30j69i60l2.3322j0j7&amp;sourceid=chrome&amp;ie=UTF-8#\" jsdata=\"QKGTRc;_;B3Ko6A\" jsaction=\"rcuQ6b:npT2md;F75qrd\" data-ved=\"2ahUKEwjD-LTH9_XwAhUDSxoKHUimAGUQkAgoADATegQIGRAD\">81 45 10 38<\/a><\/strong><\/p>\t\t\t\t\t\t\t\t<\/div>\n\t\t\t\t<\/div>\n\t\t\t\t\t<\/div>\n\t\t<\/div>\n\t\t\t\t\t<\/div>\n\t\t<\/section>\n\t\t\t\t<\/div>\n\t\t","protected":false},"excerpt":{"rendered":"<p>Remplacement et r\u00e9novation des syst\u00e8mes d&rsquo;\u00e9clairage de voiture \u00e0 Floreffe En fonction de l\u2019usure et de l\u2019\u00e9tat de vos phares, votre\u00a0garage automobile \u00e0 Floreffe\u00a0est en mesure d\u2019assurer le remplacement et la r\u00e9novation des syst\u00e8mes d\u2019\u00e9clairage de voiture pour leur rendre leur translucidit\u00e9 initiale. R\u00e9paration et r\u00e9novation de phare Sp\u00e9cialis\u00e9 en [&hellip;]<\/p>\n","protected":false},"author":38,"featured_media":0,"parent":0,"menu_order":0,"comment_status":"closed","ping_status":"closed","template":"","meta":{"_eb_attr":"","footnotes":""},"class_list":["post-1974","page","type-page","status-publish","hentry"],"aioseo_notices":[],"_links":{"self":[{"href":"https:\/\/garage-eg-carrosserie.be\/nov-apijson\/wp\/v2\/pages\/1974","targetHints":{"allow":["GET"]}}],"collection":[{"href":"https:\/\/garage-eg-carrosserie.be\/nov-apijson\/wp\/v2\/pages"}],"about":[{"href":"https:\/\/garage-eg-carrosserie.be\/nov-apijson\/wp\/v2\/types\/page"}],"author":[{"embeddable":true,"href":"https:\/\/garage-eg-carrosserie.be\/nov-apijson\/wp\/v2\/users\/38"}],"replies":[{"embeddable":true,"href":"https:\/\/garage-eg-carrosserie.be\/nov-apijson\/wp\/v2\/comments?post=1974"}],"version-history":[{"count":16,"href":"https:\/\/garage-eg-carrosserie.be\/nov-apijson\/wp\/v2\/pages\/1974\/revisions"}],"predecessor-version":[{"id":2243,"href":"https:\/\/garage-eg-carrosserie.be\/nov-apijson\/wp\/v2\/pages\/1974\/revisions\/2243"}],"wp:attachment":[{"href":"https:\/\/garage-eg-carrosserie.be\/nov-apijson\/wp\/v2\/media?parent=1974"}],"curies":[{"name":"wp","href":"https:\/\/api.w.org\/{rel}","templated":true}]}}