{"id":1972,"date":"2025-09-17T17:42:11","date_gmt":"2025-09-17T15:42:11","guid":{"rendered":"https:\/\/garage-eg-carrosserie.be\/?page_id=1972"},"modified":"2025-09-22T10:15:19","modified_gmt":"2025-09-22T08:15:19","slug":"vitrage","status":"publish","type":"page","link":"https:\/\/garage-eg-carrosserie.be\/vitrage\/","title":{"rendered":"Vitrage"},"content":{"rendered":"\t\t<div data-elementor-type=\"wp-page\" data-elementor-id=\"1972\" class=\"elementor elementor-1972\" data-elementor-post-type=\"page\">\n\t\t\t\t\t\t<section class=\"elementor-section elementor-top-section elementor-element elementor-element-3b15cb37 elementor-section-full_width elementor-section-height-min-height elementor-section-stretched elementor-section-height-default elementor-section-items-middle\" data-id=\"3b15cb37\" data-element_type=\"section\" data-e-type=\"section\" data-settings=\"{&quot;background_background&quot;:&quot;classic&quot;,&quot;stretch_section&quot;:&quot;section-stretched&quot;}\">\n\t\t\t\t\t\t\t<div class=\"elementor-background-overlay\"><\/div>\n\t\t\t\t\t\t\t<div class=\"elementor-container elementor-column-gap-default\">\n\t\t\t\t\t<div class=\"elementor-column elementor-col-50 elementor-top-column elementor-element elementor-element-7f73abfe\" data-id=\"7f73abfe\" data-element_type=\"column\" data-e-type=\"column\" data-settings=\"{&quot;background_background&quot;:&quot;classic&quot;}\">\n\t\t\t<div class=\"elementor-widget-wrap elementor-element-populated\">\n\t\t\t\t\t\t<div class=\"elementor-element elementor-element-4ec15e88 elementor-widget elementor-widget-spacer\" data-id=\"4ec15e88\" data-element_type=\"widget\" data-e-type=\"widget\" data-widget_type=\"spacer.default\">\n\t\t\t\t<div class=\"elementor-widget-container\">\n\t\t\t\t\t\t\t<div class=\"elementor-spacer\">\n\t\t\t<div class=\"elementor-spacer-inner\"><\/div>\n\t\t<\/div>\n\t\t\t\t\t\t<\/div>\n\t\t\t\t<\/div>\n\t\t\t\t\t<\/div>\n\t\t<\/div>\n\t\t\t\t<div class=\"elementor-column elementor-col-50 elementor-top-column elementor-element elementor-element-4a7b43ec\" data-id=\"4a7b43ec\" data-element_type=\"column\" data-e-type=\"column\" data-settings=\"{&quot;background_background&quot;:&quot;classic&quot;}\">\n\t\t\t<div class=\"elementor-widget-wrap\">\n\t\t\t\t\t\t\t<\/div>\n\t\t<\/div>\n\t\t\t\t\t<\/div>\n\t\t<\/section>\n\t\t\t\t<section class=\"elementor-section elementor-top-section elementor-element elementor-element-73c10a04 elementor-section-stretched elementor-section-boxed elementor-section-height-default elementor-section-height-default\" data-id=\"73c10a04\" data-element_type=\"section\" data-e-type=\"section\" data-settings=\"{&quot;stretch_section&quot;:&quot;section-stretched&quot;,&quot;background_background&quot;:&quot;classic&quot;}\">\n\t\t\t\t\t\t<div class=\"elementor-container elementor-column-gap-default\">\n\t\t\t\t\t<div class=\"elementor-column elementor-col-100 elementor-top-column elementor-element elementor-element-2582a15f\" data-id=\"2582a15f\" data-element_type=\"column\" data-e-type=\"column\">\n\t\t\t<div class=\"elementor-widget-wrap elementor-element-populated\">\n\t\t\t\t\t\t<div class=\"elementor-element elementor-element-367a4953 elementor-widget__width-initial elementor-widget elementor-widget-heading\" data-id=\"367a4953\" data-element_type=\"widget\" data-e-type=\"widget\" data-widget_type=\"heading.default\">\n\t\t\t\t<div class=\"elementor-widget-container\">\n\t\t\t\t\t<h1 class=\"elementor-heading-title elementor-size-default\">R\u00e9paration et remplacement de vitres de voiture \u00e0 Floreffe\n<\/h1>\t\t\t\t<\/div>\n\t\t\t\t<\/div>\n\t\t\t\t<div class=\"elementor-element elementor-element-4f7f8485 elementor-widget__width-initial elementor-invisible elementor-widget elementor-widget-text-editor\" data-id=\"4f7f8485\" data-element_type=\"widget\" data-e-type=\"widget\" data-settings=\"{&quot;_animation&quot;:&quot;fadeIn&quot;}\" data-widget_type=\"text-editor.default\">\n\t\t\t\t<div class=\"elementor-widget-container\">\n\t\t\t\t\t\t\t\t\t<p><span>Lors d\u2019un choc ou d\u2019un accident, les vitrages peuvent-\u00eatre endommag\u00e9s.\u00a0<\/span><a href=\"https:\/\/garage-eg-carrosserie.be\/accueil\/#ctn\">EG Carrosserie<\/a><span>, votre\u00a0<\/span><b><a href=\"https:\/\/garage-eg-carrosserie.be\/\" target=\"_blank\" rel=\"noopener\">garage automobile \u00e0 Floreffe<\/a><\/b><span>, intervient dans les plus brefs d\u00e9lais afin de r\u00e9aliser la r\u00e9paration et le remplacement de vitres de voitures de toutes marques, assurant de nouveau votre s\u00e9curit\u00e9.<\/span><\/p>\t\t\t\t\t\t\t\t<\/div>\n\t\t\t\t<\/div>\n\t\t\t\t\t<\/div>\n\t\t<\/div>\n\t\t\t\t\t<\/div>\n\t\t<\/section>\n\t\t\t\t<section class=\"elementor-section elementor-top-section elementor-element elementor-element-9783d4f elementor-section-content-middle elementor-section-stretched elementor-section-boxed elementor-section-height-default elementor-section-height-default\" data-id=\"9783d4f\" data-element_type=\"section\" data-e-type=\"section\" data-settings=\"{&quot;stretch_section&quot;:&quot;section-stretched&quot;,&quot;background_background&quot;:&quot;classic&quot;,&quot;shape_divider_top&quot;:&quot;opacity-tilt&quot;}\">\n\t\t\t\t\t<div class=\"elementor-shape elementor-shape-top\" aria-hidden=\"true\" data-negative=\"false\">\n\t\t\t<svg xmlns=\"http:\/\/www.w3.org\/2000\/svg\" viewBox=\"0 0 2600 131.1\" preserveAspectRatio=\"none\">\n\t<path class=\"elementor-shape-fill\" d=\"M0 0L2600 0 2600 69.1 0 0z\"\/>\n\t<path class=\"elementor-shape-fill\" style=\"opacity:0.5\" d=\"M0 0L2600 0 2600 69.1 0 69.1z\"\/>\n\t<path class=\"elementor-shape-fill\" style=\"opacity:0.25\" d=\"M2600 0L0 0 0 130.1 2600 69.1z\"\/>\n<\/svg>\t\t<\/div>\n\t\t\t\t\t<div class=\"elementor-container elementor-column-gap-default\">\n\t\t\t\t\t<div class=\"elementor-column elementor-col-50 elementor-top-column elementor-element elementor-element-65f13723\" data-id=\"65f13723\" data-element_type=\"column\" data-e-type=\"column\">\n\t\t\t<div class=\"elementor-widget-wrap elementor-element-populated\">\n\t\t\t\t\t\t<div class=\"elementor-element elementor-element-1de06954 elementor-invisible elementor-widget elementor-widget-image\" data-id=\"1de06954\" data-element_type=\"widget\" data-e-type=\"widget\" data-settings=\"{&quot;_animation&quot;:&quot;fadeInLeft&quot;}\" data-widget_type=\"image.default\">\n\t\t\t\t<div class=\"elementor-widget-container\">\n\t\t\t\t\t\t\t\t\t\t\t\t\t\t\t<img fetchpriority=\"high\" decoding=\"async\" width=\"5238\" height=\"3492\" src=\"https:\/\/garage-eg-carrosserie.be\/wp-content\/uploads\/2025\/09\/damaged-vehicle-closeup-after-a-heavy-crash-traff-2025-03-15-06-31-21-utc-min.jpg\" class=\"attachment-full size-full wp-image-2172\" alt=\"\" srcset=\"https:\/\/garage-eg-carrosserie.be\/wp-content\/uploads\/2025\/09\/damaged-vehicle-closeup-after-a-heavy-crash-traff-2025-03-15-06-31-21-utc-min.jpg 5238w, https:\/\/garage-eg-carrosserie.be\/wp-content\/uploads\/2025\/09\/damaged-vehicle-closeup-after-a-heavy-crash-traff-2025-03-15-06-31-21-utc-min-300x200.jpg 300w, https:\/\/garage-eg-carrosserie.be\/wp-content\/uploads\/2025\/09\/damaged-vehicle-closeup-after-a-heavy-crash-traff-2025-03-15-06-31-21-utc-min-1024x683.jpg 1024w, https:\/\/garage-eg-carrosserie.be\/wp-content\/uploads\/2025\/09\/damaged-vehicle-closeup-after-a-heavy-crash-traff-2025-03-15-06-31-21-utc-min-768x512.jpg 768w, https:\/\/garage-eg-carrosserie.be\/wp-content\/uploads\/2025\/09\/damaged-vehicle-closeup-after-a-heavy-crash-traff-2025-03-15-06-31-21-utc-min-1536x1024.jpg 1536w, https:\/\/garage-eg-carrosserie.be\/wp-content\/uploads\/2025\/09\/damaged-vehicle-closeup-after-a-heavy-crash-traff-2025-03-15-06-31-21-utc-min-2048x1365.jpg 2048w, https:\/\/garage-eg-carrosserie.be\/wp-content\/uploads\/2025\/09\/damaged-vehicle-closeup-after-a-heavy-crash-traff-2025-03-15-06-31-21-utc-min-360x240.jpg 360w, https:\/\/garage-eg-carrosserie.be\/wp-content\/uploads\/2025\/09\/damaged-vehicle-closeup-after-a-heavy-crash-traff-2025-03-15-06-31-21-utc-min-1320x880.jpg 1320w\" sizes=\"(max-width: 5238px) 100vw, 5238px\" \/>\t\t\t\t\t\t\t\t\t\t\t\t\t\t\t<\/div>\n\t\t\t\t<\/div>\n\t\t\t\t\t<\/div>\n\t\t<\/div>\n\t\t\t\t<div class=\"elementor-column elementor-col-50 elementor-top-column elementor-element elementor-element-1f0e03\" data-id=\"1f0e03\" data-element_type=\"column\" data-e-type=\"column\">\n\t\t\t<div class=\"elementor-widget-wrap elementor-element-populated\">\n\t\t\t\t\t\t<div class=\"elementor-element elementor-element-337ce076 elementor-widget elementor-widget-heading\" data-id=\"337ce076\" data-element_type=\"widget\" data-e-type=\"widget\" id=\"t2\" data-widget_type=\"heading.default\">\n\t\t\t\t<div class=\"elementor-widget-container\">\n\t\t\t\t\t<h2 class=\"elementor-heading-title elementor-size-default\">Le diagnostic vitrage<\/h2>\t\t\t\t<\/div>\n\t\t\t\t<\/div>\n\t\t\t\t<div class=\"elementor-element elementor-element-555a3dab elementor-widget elementor-widget-text-editor\" data-id=\"555a3dab\" data-element_type=\"widget\" data-e-type=\"widget\" data-widget_type=\"text-editor.default\">\n\t\t\t\t<div class=\"elementor-widget-container\">\n\t\t\t\t\t\t\t\t\t<p>Avant toute intervention en vitrage, EG Carrosserie r\u00e9alise un diagnostic du vitrage indispensable permettant d\u2019identifier le dommage occasionn\u00e9 et de d\u00e9terminer les travaux \u00e0 effectuer : r\u00e9paration ou remplacement.<\/p><p>Que ce soit pour des vitrages lat\u00e9raux de v\u00e9hicules, un pare-brise, une lunette arri\u00e8re ou un toit panoramique, votre garage automobile est en mesure d\u2019identifier les impacts au niveau de la forme et de la taille.<\/p><p>Ces impacts se pr\u00e9sentent g\u00e9n\u00e9ralement sous ces caract\u00e9ristiques : \u0153il de b\u0153uf, \u00e9toile, aile d\u2019abeille, feuille de tr\u00e8fle, demi-lune, combinaison.<\/p><p>La zone d\u2019impact sur le pare-brise est \u00e9galement \u00e0 consid\u00e9rer : zone hors du balayage des essuie-glaces, zone de balayage des essuie-glaces, zone de balayage dans le champ de vision du conducteur.<\/p>\t\t\t\t\t\t\t\t<\/div>\n\t\t\t\t<\/div>\n\t\t\t\t\t<\/div>\n\t\t<\/div>\n\t\t\t\t\t<\/div>\n\t\t<\/section>\n\t\t\t\t<section class=\"elementor-section elementor-top-section elementor-element elementor-element-51ef0183 elementor-section-content-middle elementor-section-stretched elementor-reverse-mobile elementor-section-boxed elementor-section-height-default elementor-section-height-default\" data-id=\"51ef0183\" data-element_type=\"section\" data-e-type=\"section\" data-settings=\"{&quot;stretch_section&quot;:&quot;section-stretched&quot;,&quot;background_background&quot;:&quot;classic&quot;}\">\n\t\t\t\t\t\t<div class=\"elementor-container elementor-column-gap-default\">\n\t\t\t\t\t<div class=\"elementor-column elementor-col-50 elementor-top-column elementor-element elementor-element-75377b3c\" data-id=\"75377b3c\" data-element_type=\"column\" data-e-type=\"column\">\n\t\t\t<div class=\"elementor-widget-wrap elementor-element-populated\">\n\t\t\t\t\t\t<div class=\"elementor-element elementor-element-323d7151 elementor-widget elementor-widget-heading\" data-id=\"323d7151\" data-element_type=\"widget\" data-e-type=\"widget\" data-widget_type=\"heading.default\">\n\t\t\t\t<div class=\"elementor-widget-container\">\n\t\t\t\t\t<h2 class=\"elementor-heading-title elementor-size-default\">R\u00e9paration de pare-brise<\/h2>\t\t\t\t<\/div>\n\t\t\t\t<\/div>\n\t\t\t\t<div class=\"elementor-element elementor-element-3b10e021 elementor-widget elementor-widget-text-editor\" data-id=\"3b10e021\" data-element_type=\"widget\" data-e-type=\"widget\" data-widget_type=\"text-editor.default\">\n\t\t\t\t<div class=\"elementor-widget-container\">\n\t\t\t\t\t\t\t\t\t<p>Intervenant pr\u00e8s de Sambreville, Jemeppe-sur-Sambre et Ch\u00e2telet sur tous types de v\u00e9hicules l\u00e9gers, professionnels ou particuliers, le garage automobile EG Carrosserie assure la r\u00e9paration de pare-brise suite \u00e0 un impact afin d\u2019assurer votre s\u00e9r\u00e9nit\u00e9 \u00e0 bord de votre v\u00e9hicule et avoir la meilleure visibilit\u00e9 possible lors de la conduite.<\/p><p>En effet, cette r\u00e9paration consiste \u00e0 injecter une r\u00e9sine sp\u00e9cifique sur la zone concern\u00e9e, qui se solidifie sous l\u2019effet d\u2019une lampe \u00e0 ultraviolet en utilisant des outils de pointe d\u00e9velopp\u00e9s ainsi que des mat\u00e9riaux de haute qualit\u00e9.<\/p><p>Ensuite, la surface sera nettoy\u00e9e et polie afin de lui rendre son aspect original selon le mod\u00e8le du v\u00e9hicule et l\u2019option choisie.<\/p>\t\t\t\t\t\t\t\t<\/div>\n\t\t\t\t<\/div>\n\t\t\t\t\t<\/div>\n\t\t<\/div>\n\t\t\t\t<div class=\"elementor-column elementor-col-50 elementor-top-column elementor-element elementor-element-45c1b03c\" data-id=\"45c1b03c\" data-element_type=\"column\" data-e-type=\"column\">\n\t\t\t<div class=\"elementor-widget-wrap elementor-element-populated\">\n\t\t\t\t\t\t<div class=\"elementor-element elementor-element-221965fd elementor-invisible elementor-widget elementor-widget-image\" data-id=\"221965fd\" data-element_type=\"widget\" data-e-type=\"widget\" data-settings=\"{&quot;_animation&quot;:&quot;fadeInRight&quot;}\" data-widget_type=\"image.default\">\n\t\t\t\t<div class=\"elementor-widget-container\">\n\t\t\t\t\t\t\t\t\t\t\t\t\t\t\t<img decoding=\"async\" width=\"6000\" height=\"4000\" src=\"https:\/\/garage-eg-carrosserie.be\/wp-content\/uploads\/2025\/09\/serviceman-in-workshop-fixing-broken-car-window-wi-2024-10-18-13-28-15-utc-min.jpg\" class=\"attachment-full size-full wp-image-2171\" alt=\"\" srcset=\"https:\/\/garage-eg-carrosserie.be\/wp-content\/uploads\/2025\/09\/serviceman-in-workshop-fixing-broken-car-window-wi-2024-10-18-13-28-15-utc-min.jpg 6000w, https:\/\/garage-eg-carrosserie.be\/wp-content\/uploads\/2025\/09\/serviceman-in-workshop-fixing-broken-car-window-wi-2024-10-18-13-28-15-utc-min-300x200.jpg 300w, https:\/\/garage-eg-carrosserie.be\/wp-content\/uploads\/2025\/09\/serviceman-in-workshop-fixing-broken-car-window-wi-2024-10-18-13-28-15-utc-min-1024x683.jpg 1024w, https:\/\/garage-eg-carrosserie.be\/wp-content\/uploads\/2025\/09\/serviceman-in-workshop-fixing-broken-car-window-wi-2024-10-18-13-28-15-utc-min-768x512.jpg 768w, https:\/\/garage-eg-carrosserie.be\/wp-content\/uploads\/2025\/09\/serviceman-in-workshop-fixing-broken-car-window-wi-2024-10-18-13-28-15-utc-min-1536x1024.jpg 1536w, https:\/\/garage-eg-carrosserie.be\/wp-content\/uploads\/2025\/09\/serviceman-in-workshop-fixing-broken-car-window-wi-2024-10-18-13-28-15-utc-min-2048x1365.jpg 2048w, https:\/\/garage-eg-carrosserie.be\/wp-content\/uploads\/2025\/09\/serviceman-in-workshop-fixing-broken-car-window-wi-2024-10-18-13-28-15-utc-min-360x240.jpg 360w, https:\/\/garage-eg-carrosserie.be\/wp-content\/uploads\/2025\/09\/serviceman-in-workshop-fixing-broken-car-window-wi-2024-10-18-13-28-15-utc-min-1320x880.jpg 1320w\" sizes=\"(max-width: 6000px) 100vw, 6000px\" \/>\t\t\t\t\t\t\t\t\t\t\t\t\t\t\t<\/div>\n\t\t\t\t<\/div>\n\t\t\t\t\t<\/div>\n\t\t<\/div>\n\t\t\t\t\t<\/div>\n\t\t<\/section>\n\t\t\t\t<section class=\"elementor-section elementor-top-section elementor-element elementor-element-28abdd82 elementor-section-content-middle elementor-section-stretched elementor-section-boxed elementor-section-height-default elementor-section-height-default\" data-id=\"28abdd82\" data-element_type=\"section\" data-e-type=\"section\" data-settings=\"{&quot;stretch_section&quot;:&quot;section-stretched&quot;,&quot;background_background&quot;:&quot;classic&quot;}\">\n\t\t\t\t\t\t<div class=\"elementor-container elementor-column-gap-default\">\n\t\t\t\t\t<div class=\"elementor-column elementor-col-50 elementor-top-column elementor-element elementor-element-ca7f5d9\" data-id=\"ca7f5d9\" data-element_type=\"column\" data-e-type=\"column\">\n\t\t\t<div class=\"elementor-widget-wrap elementor-element-populated\">\n\t\t\t\t\t\t<div class=\"elementor-element elementor-element-3f0d43df elementor-invisible elementor-widget elementor-widget-image\" data-id=\"3f0d43df\" data-element_type=\"widget\" data-e-type=\"widget\" data-settings=\"{&quot;_animation&quot;:&quot;fadeInLeft&quot;}\" data-widget_type=\"image.default\">\n\t\t\t\t<div class=\"elementor-widget-container\">\n\t\t\t\t\t\t\t\t\t\t\t\t\t\t\t<img decoding=\"async\" width=\"6016\" height=\"4016\" src=\"https:\/\/garage-eg-carrosserie.be\/wp-content\/uploads\/2025\/09\/worker-polishing-rear-window-of-the-car-2024-12-03-06-31-29-utc-min.jpg\" class=\"attachment-full size-full wp-image-2169\" alt=\"\" srcset=\"https:\/\/garage-eg-carrosserie.be\/wp-content\/uploads\/2025\/09\/worker-polishing-rear-window-of-the-car-2024-12-03-06-31-29-utc-min.jpg 6016w, https:\/\/garage-eg-carrosserie.be\/wp-content\/uploads\/2025\/09\/worker-polishing-rear-window-of-the-car-2024-12-03-06-31-29-utc-min-300x200.jpg 300w, https:\/\/garage-eg-carrosserie.be\/wp-content\/uploads\/2025\/09\/worker-polishing-rear-window-of-the-car-2024-12-03-06-31-29-utc-min-1024x684.jpg 1024w, https:\/\/garage-eg-carrosserie.be\/wp-content\/uploads\/2025\/09\/worker-polishing-rear-window-of-the-car-2024-12-03-06-31-29-utc-min-768x513.jpg 768w, https:\/\/garage-eg-carrosserie.be\/wp-content\/uploads\/2025\/09\/worker-polishing-rear-window-of-the-car-2024-12-03-06-31-29-utc-min-1536x1025.jpg 1536w, https:\/\/garage-eg-carrosserie.be\/wp-content\/uploads\/2025\/09\/worker-polishing-rear-window-of-the-car-2024-12-03-06-31-29-utc-min-2048x1367.jpg 2048w, https:\/\/garage-eg-carrosserie.be\/wp-content\/uploads\/2025\/09\/worker-polishing-rear-window-of-the-car-2024-12-03-06-31-29-utc-min-360x240.jpg 360w, https:\/\/garage-eg-carrosserie.be\/wp-content\/uploads\/2025\/09\/worker-polishing-rear-window-of-the-car-2024-12-03-06-31-29-utc-min-1320x881.jpg 1320w\" sizes=\"(max-width: 6016px) 100vw, 6016px\" \/>\t\t\t\t\t\t\t\t\t\t\t\t\t\t\t<\/div>\n\t\t\t\t<\/div>\n\t\t\t\t\t<\/div>\n\t\t<\/div>\n\t\t\t\t<div class=\"elementor-column elementor-col-50 elementor-top-column elementor-element elementor-element-38265491\" data-id=\"38265491\" data-element_type=\"column\" data-e-type=\"column\">\n\t\t\t<div class=\"elementor-widget-wrap elementor-element-populated\">\n\t\t\t\t\t\t<div class=\"elementor-element elementor-element-ebcc905 elementor-widget elementor-widget-heading\" data-id=\"ebcc905\" data-element_type=\"widget\" data-e-type=\"widget\" data-widget_type=\"heading.default\">\n\t\t\t\t<div class=\"elementor-widget-container\">\n\t\t\t\t\t<h2 class=\"elementor-heading-title elementor-size-default\">Remplacement de vitrage<\/h2>\t\t\t\t<\/div>\n\t\t\t\t<\/div>\n\t\t\t\t<div class=\"elementor-element elementor-element-7bc9dba6 elementor-widget elementor-widget-text-editor\" data-id=\"7bc9dba6\" data-element_type=\"widget\" data-e-type=\"widget\" data-widget_type=\"text-editor.default\">\n\t\t\t\t<div class=\"elementor-widget-container\">\n\t\t\t\t\t\t\t\t\t<p>Situ\u00e9 \u00e0 proximit\u00e9 de Sambreville, Jemeppe-sur-Sambre et Ch\u00e2telet, le garage automobile EG Carrosserie intervient suite \u00e0 une cassure, une fissure ou un bris de glace pour prendre en charge le remplacement de vitrage dans les plus brefs d\u00e9lais.<\/p><p>Pour y proc\u00e9der, le garage sp\u00e9cialiste de la r\u00e9paration de vitre voitures de toutes marques \u00e0 Floreffe d\u00e9sinstalle l\u2019ancien mod\u00e8le de vitrage pour le remplacer par un nouveau mod\u00e8le identique, que ce soit au niveau de la taille ou de la forme.<\/p>\t\t\t\t\t\t\t\t<\/div>\n\t\t\t\t<\/div>\n\t\t\t\t\t<\/div>\n\t\t<\/div>\n\t\t\t\t\t<\/div>\n\t\t<\/section>\n\t\t\t\t<section class=\"elementor-section elementor-top-section elementor-element elementor-element-4e78b866 elementor-section-stretched elementor-section-height-min-height elementor-section-boxed elementor-section-height-default elementor-section-items-middle\" data-id=\"4e78b866\" data-element_type=\"section\" data-e-type=\"section\" data-settings=\"{&quot;stretch_section&quot;:&quot;section-stretched&quot;,&quot;background_background&quot;:&quot;classic&quot;,&quot;shape_divider_top&quot;:&quot;opacity-tilt&quot;}\">\n\t\t\t\t\t<div class=\"elementor-shape elementor-shape-top\" aria-hidden=\"true\" data-negative=\"false\">\n\t\t\t<svg xmlns=\"http:\/\/www.w3.org\/2000\/svg\" viewBox=\"0 0 2600 131.1\" preserveAspectRatio=\"none\">\n\t<path class=\"elementor-shape-fill\" d=\"M0 0L2600 0 2600 69.1 0 0z\"\/>\n\t<path class=\"elementor-shape-fill\" style=\"opacity:0.5\" d=\"M0 0L2600 0 2600 69.1 0 69.1z\"\/>\n\t<path class=\"elementor-shape-fill\" style=\"opacity:0.25\" d=\"M2600 0L0 0 0 130.1 2600 69.1z\"\/>\n<\/svg>\t\t<\/div>\n\t\t\t\t\t<div class=\"elementor-container elementor-column-gap-default\">\n\t\t\t\t\t<div class=\"elementor-column elementor-col-100 elementor-top-column elementor-element elementor-element-4465261\" data-id=\"4465261\" data-element_type=\"column\" data-e-type=\"column\">\n\t\t\t<div class=\"elementor-widget-wrap elementor-element-populated\">\n\t\t\t\t\t\t<div class=\"elementor-element elementor-element-3fe72d69 elementor-widget__width-initial elementor-widget elementor-widget-text-editor\" data-id=\"3fe72d69\" data-element_type=\"widget\" data-e-type=\"widget\" data-widget_type=\"text-editor.default\">\n\t\t\t\t<div class=\"elementor-widget-container\">\n\t\t\t\t\t\t\t\t\t<p><span>Pour plus de renseignements sur le service de r\u00e9paration de vitres de voiture, n\u2019h\u00e9sitez pas \u00e0\u00a0<\/span><strong><a href=\"https:\/\/garage-eg-carrosserie.be\/contact\/#ctn\">contacter<\/a><\/strong><span>\u00a0le garage automobile EG Carrosserie au\u00a0<\/span><strong>081 45 10 38.<\/strong><\/p>\t\t\t\t\t\t\t\t<\/div>\n\t\t\t\t<\/div>\n\t\t\t\t\t<\/div>\n\t\t<\/div>\n\t\t\t\t\t<\/div>\n\t\t<\/section>\n\t\t\t\t<\/div>\n\t\t","protected":false},"excerpt":{"rendered":"<p>R\u00e9paration et remplacement de vitres de voiture \u00e0 Floreffe Lors d\u2019un choc ou d\u2019un accident, les vitrages peuvent-\u00eatre endommag\u00e9s.\u00a0EG Carrosserie, votre\u00a0garage automobile \u00e0 Floreffe, intervient dans les plus brefs d\u00e9lais afin de r\u00e9aliser la r\u00e9paration et le remplacement de vitres de voitures de toutes marques, assurant de nouveau votre s\u00e9curit\u00e9. [&hellip;]<\/p>\n","protected":false},"author":38,"featured_media":0,"parent":0,"menu_order":0,"comment_status":"closed","ping_status":"closed","template":"","meta":{"_eb_attr":"","footnotes":""},"class_list":["post-1972","page","type-page","status-publish","hentry"],"aioseo_notices":[],"_links":{"self":[{"href":"https:\/\/garage-eg-carrosserie.be\/nov-apijson\/wp\/v2\/pages\/1972","targetHints":{"allow":["GET"]}}],"collection":[{"href":"https:\/\/garage-eg-carrosserie.be\/nov-apijson\/wp\/v2\/pages"}],"about":[{"href":"https:\/\/garage-eg-carrosserie.be\/nov-apijson\/wp\/v2\/types\/page"}],"author":[{"embeddable":true,"href":"https:\/\/garage-eg-carrosserie.be\/nov-apijson\/wp\/v2\/users\/38"}],"replies":[{"embeddable":true,"href":"https:\/\/garage-eg-carrosserie.be\/nov-apijson\/wp\/v2\/comments?post=1972"}],"version-history":[{"count":10,"href":"https:\/\/garage-eg-carrosserie.be\/nov-apijson\/wp\/v2\/pages\/1972\/revisions"}],"predecessor-version":[{"id":2223,"href":"https:\/\/garage-eg-carrosserie.be\/nov-apijson\/wp\/v2\/pages\/1972\/revisions\/2223"}],"wp:attachment":[{"href":"https:\/\/garage-eg-carrosserie.be\/nov-apijson\/wp\/v2\/media?parent=1972"}],"curies":[{"name":"wp","href":"https:\/\/api.w.org\/{rel}","templated":true}]}}